{"id":7,"date":"2023-01-25T10:31:14","date_gmt":"2023-01-25T10:31:14","guid":{"rendered":"https:\/\/reiten-mit-koepfchen.de\/staging\/?page_id=7"},"modified":"2024-02-09T13:33:30","modified_gmt":"2024-02-09T13:33:30","slug":"althea-wp","status":"publish","type":"page","link":"https:\/\/reiten-mit-koepfchen.de\/?page_id=7","title":{"rendered":"Regina Elmenthaler"},"content":{"rendered":"\t\t<div data-elementor-type=\"wp-page\" data-elementor-id=\"7\" class=\"elementor elementor-7\">\n\t\t\t\t\t\t<header class=\"elementor-section elementor-top-section elementor-element elementor-element-3dc7cccd elementor-section-full_width elementor-section-stretched elementor-hidden-tablet elementor-hidden-mobile elementor-section-height-default elementor-section-height-default\" data-id=\"3dc7cccd\" data-element_type=\"section\" data-e-type=\"section\" data-settings=\"{&quot;stretch_section&quot;:&quot;section-stretched&quot;,&quot;background_background&quot;:&quot;classic&quot;}\">\n\t\t\t\t\t\t<div class=\"elementor-container elementor-column-gap-no\">\n\t\t\t\t\t<div class=\"elementor-column elementor-col-100 elementor-top-column elementor-element elementor-element-136e2860\" data-id=\"136e2860\" data-element_type=\"column\" data-e-type=\"column\">\n\t\t\t<div class=\"elementor-widget-wrap elementor-element-populated\">\n\t\t\t\t\t\t<div class=\"elementor-element elementor-element-13d88467 elementor-widget elementor-widget-image\" data-id=\"13d88467\" data-element_type=\"widget\" data-e-type=\"widget\" data-widget_type=\"image.default\">\n\t\t\t\t<div class=\"elementor-widget-container\">\n\t\t\t\t\t\t\t\t\t\t\t\t\t\t\t<img decoding=\"async\" width=\"768\" height=\"1\" src=\"https:\/\/reiten-mit-koepfchen.de\/wp-content\/uploads\/2023\/07\/logo-ementhaler-1.svg\" class=\"attachment-medium_large size-medium_large wp-image-243\" alt=\"\" \/>\t\t\t\t\t\t\t\t\t\t\t\t\t\t\t<\/div>\n\t\t\t\t<\/div>\n\t\t\t\t\t<\/div>\n\t\t<\/div>\n\t\t\t\t\t<\/div>\n\t\t<\/header>\n\t\t\t\t<section class=\"elementor-section elementor-top-section elementor-element elementor-element-b9cd42e elementor-section-boxed elementor-section-height-default elementor-section-height-default\" data-id=\"b9cd42e\" data-element_type=\"section\" data-e-type=\"section\">\n\t\t\t\t\t\t<div class=\"elementor-container elementor-column-gap-default\">\n\t\t\t\t\t<div class=\"elementor-column elementor-col-100 elementor-top-column elementor-element elementor-element-27720d9\" data-id=\"27720d9\" data-element_type=\"column\" data-e-type=\"column\">\n\t\t\t<div class=\"elementor-widget-wrap elementor-element-populated\">\n\t\t\t\t\t\t<div class=\"elementor-element elementor-element-985ea20 elementor-widget elementor-widget-heading\" data-id=\"985ea20\" data-element_type=\"widget\" data-e-type=\"widget\" data-widget_type=\"heading.default\">\n\t\t\t\t<div class=\"elementor-widget-container\">\n\t\t\t\t\t<h1 class=\"elementor-heading-title elementor-size-default\">Regina Elmenthaler<\/h1>\t\t\t\t<\/div>\n\t\t\t\t<\/div>\n\t\t\t\t\t<\/div>\n\t\t<\/div>\n\t\t\t\t\t<\/div>\n\t\t<\/section>\n\t\t\t\t<section class=\"elementor-section elementor-top-section elementor-element elementor-element-15f6c12 elementor-section-boxed elementor-section-height-default elementor-section-height-default\" data-id=\"15f6c12\" data-element_type=\"section\" data-e-type=\"section\">\n\t\t\t\t\t\t<div class=\"elementor-container elementor-column-gap-default\">\n\t\t\t\t\t<div class=\"elementor-column elementor-col-33 elementor-top-column elementor-element elementor-element-bf200dd\" data-id=\"bf200dd\" data-element_type=\"column\" data-e-type=\"column\">\n\t\t\t<div class=\"elementor-widget-wrap elementor-element-populated\">\n\t\t\t\t\t\t<div class=\"elementor-element elementor-element-4f42fe7 elementor-widget elementor-widget-image\" data-id=\"4f42fe7\" data-element_type=\"widget\" data-e-type=\"widget\" data-widget_type=\"image.default\">\n\t\t\t\t<div class=\"elementor-widget-container\">\n\t\t\t\t\t\t\t\t\t\t\t\t\t\t\t<img decoding=\"async\" width=\"122\" height=\"161\" src=\"https:\/\/reiten-mit-koepfchen.de\/wp-content\/uploads\/2023\/07\/elmenthaler_profil.jpg\" class=\"attachment-large size-large wp-image-150\" alt=\"\" \/>\t\t\t\t\t\t\t\t\t\t\t\t\t\t\t<\/div>\n\t\t\t\t<\/div>\n\t\t\t\t\t<\/div>\n\t\t<\/div>\n\t\t\t\t<div class=\"elementor-column elementor-col-66 elementor-top-column elementor-element elementor-element-dab5c47\" data-id=\"dab5c47\" data-element_type=\"column\" data-e-type=\"column\">\n\t\t\t<div class=\"elementor-widget-wrap elementor-element-populated\">\n\t\t\t\t\t\t<div class=\"elementor-element elementor-element-dd3a78a elementor-widget elementor-widget-text-editor\" data-id=\"dd3a78a\" data-element_type=\"widget\" data-e-type=\"widget\" data-widget_type=\"text-editor.default\">\n\t\t\t\t<div class=\"elementor-widget-container\">\n\t\t\t\t\t\t\t\t\t<p><em><strong>Pferdewirtin FN<\/strong><\/em> &#8211; klassische Reitausbildung<\/p><p><em><strong>Turnierrichterin<\/strong><\/em> der Landeskommission Schleswig-Holstein<\/p><p><em><strong>Mentorin<\/strong><\/em> f\u00fcr Nachwuchsrichter und H\u00f6herqualifikationen<\/p>\t\t\t\t\t\t\t\t<\/div>\n\t\t\t\t<\/div>\n\t\t\t\t\t<\/div>\n\t\t<\/div>\n\t\t\t\t\t<\/div>\n\t\t<\/section>\n\t\t\t\t<section class=\"elementor-section elementor-top-section elementor-element elementor-element-66a5e12 elementor-section-boxed elementor-section-height-default elementor-section-height-default\" data-id=\"66a5e12\" data-element_type=\"section\" data-e-type=\"section\">\n\t\t\t\t\t\t<div class=\"elementor-container elementor-column-gap-default\">\n\t\t\t\t\t<div class=\"elementor-column elementor-col-100 elementor-top-column elementor-element elementor-element-7a96a31\" data-id=\"7a96a31\" data-element_type=\"column\" data-e-type=\"column\">\n\t\t\t<div class=\"elementor-widget-wrap elementor-element-populated\">\n\t\t\t\t\t\t<div class=\"elementor-element elementor-element-dc102cf elementor-widget elementor-widget-heading\" data-id=\"dc102cf\" data-element_type=\"widget\" data-e-type=\"widget\" data-widget_type=\"heading.default\">\n\t\t\t\t<div class=\"elementor-widget-container\">\n\t\t\t\t\t<h1 class=\"elementor-heading-title elementor-size-default\">Mein pers\u00f6nlicher Blick auf die Dinge<\/h1>\t\t\t\t<\/div>\n\t\t\t\t<\/div>\n\t\t\t\t\t<\/div>\n\t\t<\/div>\n\t\t\t\t\t<\/div>\n\t\t<\/section>\n\t\t\t\t<section class=\"elementor-section elementor-top-section elementor-element elementor-element-b90fcc3 elementor-section-boxed elementor-section-height-default elementor-section-height-default\" data-id=\"b90fcc3\" data-element_type=\"section\" data-e-type=\"section\" data-settings=\"{&quot;background_background&quot;:&quot;classic&quot;}\">\n\t\t\t\t\t\t<div class=\"elementor-container elementor-column-gap-default\">\n\t\t\t\t\t<div class=\"elementor-column elementor-col-100 elementor-top-column elementor-element elementor-element-3180d31\" data-id=\"3180d31\" data-element_type=\"column\" data-e-type=\"column\">\n\t\t\t<div class=\"elementor-widget-wrap elementor-element-populated\">\n\t\t\t\t\t\t<div class=\"elementor-element elementor-element-a427c6f elementor-widget elementor-widget-text-editor\" data-id=\"a427c6f\" data-element_type=\"widget\" data-e-type=\"widget\" data-widget_type=\"text-editor.default\">\n\t\t\t\t<div class=\"elementor-widget-container\">\n\t\t\t\t\t\t\t\t\t<p style=\"text-align: left;\">Mittlerweile sind es tats\u00e4chlich etliche Jahrzehnte, die ich mich mit der Ausbildung von Reiter und Pferd besch\u00e4ftige.<\/p><p style=\"text-align: center;\"><em>Gleich vorweg: <\/em><em>Bei allem Zeitgeist, der mir begegnet ist, hat sich der klassische Ausbildungsweg f\u00fcr mich immer wieder als best\u00e4ndig und richtig erwiesen.<\/em><\/p><p>Das Pferdewohl r\u00fcckte \u00fcber die Jahre vermehrt in den Fokus.<\/p><p>Die St\u00e4nderhaltung wurde abgeschafft. Der Montag als absoluter Stehtag in Turnierst\u00e4llen ebenfalls. Es wurde damals sogar den Pferdebesitzern der Zugang verboten. Fenster und T\u00fcren verrammelt und verriegelt.<\/p><p>Ausgiebiger Weidegang, Winterauslauf oder Boxenfenster waren exotisch anmutende W\u00fcnsche von Einstellern in Pensionsst\u00e4llen. Ebenso die individuelle F\u00fctterung. Stacheldraht als Weideeinz\u00e4unung oder verschimmelte Futtermittel liegen weitesgehend in der Vergangenheit.<\/p><p>Vieles im Management wurde \u00fcber die Zeit pferdegerechter. Sei es bei der Entwicklung von Reitb\u00f6den, dem Bau von Aktivst\u00e4llen, Paddockboxen, Beregnungsanlagen oder F\u00fchrmaschinen. Eine schier unendliche Auswahl an Futtermitteln steht zur Individualisierung der Versorgung zur Verf\u00fcgung. Ebenso unterschiedlichste M\u00f6glichkeiten der Boxeneinstreu bis hin zum Heubedampfer.<\/p><p>Die Pferdezucht legt neben den Leistungskomponenten immer mehr Wert auf die Rittigkeit. Die tier\u00e4rzliche Diagnostik befindet sich auf h\u00f6chstem Niveau. Unterst\u00fctzt von Osteopathen, Chiropraktikern und Physiotherapeuten. Massagepistolen und Magnetfelddecken sind t\u00e4glich auf den Stallgassen im Einsatz.<\/p><p>Die Ausr\u00fcstungsindustrie entwickelt anatomisch angepasste Genickst\u00fccke, Reithalfter, Gebisse, S\u00e4ttel &amp; Co.<\/p><p style=\"text-align: center;\"><em><strong>Dann ist ja Alles chic ! Oder ? Naja, da ist dann noch der Faktor Mensch !<\/strong><\/em><\/p>\t\t\t\t\t\t\t\t<\/div>\n\t\t\t\t<\/div>\n\t\t\t\t\t<\/div>\n\t\t<\/div>\n\t\t\t\t\t<\/div>\n\t\t<\/section>\n\t\t\t\t<section class=\"elementor-section elementor-top-section elementor-element elementor-element-fe4248b elementor-section-boxed elementor-section-height-default elementor-section-height-default\" data-id=\"fe4248b\" data-element_type=\"section\" data-e-type=\"section\">\n\t\t\t\t\t\t<div class=\"elementor-container elementor-column-gap-default\">\n\t\t\t\t\t<div class=\"elementor-column elementor-col-100 elementor-top-column elementor-element elementor-element-0dd11ff\" data-id=\"0dd11ff\" data-element_type=\"column\" data-e-type=\"column\">\n\t\t\t<div class=\"elementor-widget-wrap elementor-element-populated\">\n\t\t\t\t\t\t<div class=\"elementor-element elementor-element-7415837 elementor-widget__width-inherit elementor-widget elementor-widget-image\" data-id=\"7415837\" data-element_type=\"widget\" data-e-type=\"widget\" data-widget_type=\"image.default\">\n\t\t\t\t<div class=\"elementor-widget-container\">\n\t\t\t\t\t\t\t\t\t\t\t\t\t\t\t<img fetchpriority=\"high\" decoding=\"async\" width=\"768\" height=\"156\" src=\"https:\/\/reiten-mit-koepfchen.de\/wp-content\/uploads\/2024\/01\/AdobeStock_257388363.jpeg\" class=\"attachment-medium_large size-medium_large wp-image-1240\" alt=\"\" \/>\t\t\t\t\t\t\t\t\t\t\t\t\t\t\t<\/div>\n\t\t\t\t<\/div>\n\t\t\t\t\t<\/div>\n\t\t<\/div>\n\t\t\t\t\t<\/div>\n\t\t<\/section>\n\t\t\t\t<section class=\"elementor-section elementor-top-section elementor-element elementor-element-c5dae7a elementor-section-boxed elementor-section-height-default elementor-section-height-default\" data-id=\"c5dae7a\" data-element_type=\"section\" data-e-type=\"section\" data-settings=\"{&quot;background_background&quot;:&quot;classic&quot;}\">\n\t\t\t\t\t\t<div class=\"elementor-container elementor-column-gap-default\">\n\t\t\t\t\t<div class=\"elementor-column elementor-col-100 elementor-top-column elementor-element elementor-element-1d59561\" data-id=\"1d59561\" data-element_type=\"column\" data-e-type=\"column\">\n\t\t\t<div class=\"elementor-widget-wrap elementor-element-populated\">\n\t\t\t\t\t\t<div class=\"elementor-element elementor-element-6bdfb02 elementor-widget elementor-widget-text-editor\" data-id=\"6bdfb02\" data-element_type=\"widget\" data-e-type=\"widget\" data-widget_type=\"text-editor.default\">\n\t\t\t\t<div class=\"elementor-widget-container\">\n\t\t\t\t\t\t\t\t\t<p><strong><em>In der Praxis h\u00e4ngt das tats\u00e4chliche Wohlbefinden des einzelnen Pferdes von den Menschen ab, die in seinem Umfeld die Entscheidungen treffen.<\/em><\/strong><\/p><p><strong><em>Vom Pferdebesitzer, Reiter, Stallpersonal, Sattler, Tier\u00e4rzte, Schmied, Richter und ma\u00dfgeblich auch dem Ausbilder.<\/em><\/strong><\/p>\t\t\t\t\t\t\t\t<\/div>\n\t\t\t\t<\/div>\n\t\t\t\t\t<\/div>\n\t\t<\/div>\n\t\t\t\t\t<\/div>\n\t\t<\/section>\n\t\t\t\t<section class=\"elementor-section elementor-top-section elementor-element elementor-element-d10c59a elementor-section-boxed elementor-section-height-default elementor-section-height-default\" data-id=\"d10c59a\" data-element_type=\"section\" data-e-type=\"section\" data-settings=\"{&quot;background_background&quot;:&quot;classic&quot;}\">\n\t\t\t\t\t\t<div class=\"elementor-container elementor-column-gap-default\">\n\t\t\t\t\t<div class=\"elementor-column elementor-col-100 elementor-top-column elementor-element elementor-element-83e1f50\" data-id=\"83e1f50\" data-element_type=\"column\" data-e-type=\"column\">\n\t\t\t<div class=\"elementor-widget-wrap elementor-element-populated\">\n\t\t\t\t\t\t<div class=\"elementor-element elementor-element-18b1129 elementor-widget elementor-widget-text-editor\" data-id=\"18b1129\" data-element_type=\"widget\" data-e-type=\"widget\" data-widget_type=\"text-editor.default\">\n\t\t\t\t<div class=\"elementor-widget-container\">\n\t\t\t\t\t\t\t\t\t<p>Die Umsetzung und F\u00f6rderung der pferdegerechten, klassischen Ausbildung hat mit dem Tempo der oben genannten &#8222;Hardwareentwicklung&#8220; nicht Schritt gehalten.<\/p><p>Das Gef\u00fchl f\u00fcr das Pferd, seine St\u00e4rken und Schw\u00e4chen und das Teambuilding, gibt es f\u00fcr kein Geld der Welt zu kaufen. Ebenso wenig Geduld und Ausdauer.<\/p><p style=\"text-align: center;\">\u00a0Warum sonst ger\u00e4t der Reitsport immer mehr in die \u00f6ffentliche Kritik?<\/p><p style=\"text-align: center;\">Reiten wird als olympische Sportart in Frage gestellt.<\/p><p style=\"text-align: center;\">Gehypte Jahrhundertpferde werden vom System emporgehoben, um dann regelrecht hingerichtet zu werden.<\/p><p style=\"text-align: center;\">Reiten ist im F\u00fcnfkampf , nach \u00f6ffentlichem Skandal, gestrichen worden.<\/p><p style=\"text-align: center;\">Immer h\u00e4ufiger kommt es zur Aufdeckung von pferdefeindlichen Trainingsmethoden im professionellem Stil, die von der Lobby gedeckelt werden.<\/p><p style=\"text-align: center;\">Tierschutzorganisationen schauen genauer und kritischer hin.<\/p>\t\t\t\t\t\t\t\t<\/div>\n\t\t\t\t<\/div>\n\t\t\t\t\t<\/div>\n\t\t<\/div>\n\t\t\t\t\t<\/div>\n\t\t<\/section>\n\t\t\t\t<section class=\"elementor-section elementor-top-section elementor-element elementor-element-eea9aa6 elementor-section-boxed elementor-section-height-default elementor-section-height-default\" data-id=\"eea9aa6\" data-element_type=\"section\" data-e-type=\"section\">\n\t\t\t\t\t\t<div class=\"elementor-container elementor-column-gap-default\">\n\t\t\t\t\t<div class=\"elementor-column elementor-col-100 elementor-top-column elementor-element elementor-element-be701b6\" data-id=\"be701b6\" data-element_type=\"column\" data-e-type=\"column\">\n\t\t\t<div class=\"elementor-widget-wrap elementor-element-populated\">\n\t\t\t\t\t\t<div class=\"elementor-element elementor-element-b0b0934 elementor-widget__width-inherit elementor-widget elementor-widget-image\" data-id=\"b0b0934\" data-element_type=\"widget\" data-e-type=\"widget\" data-widget_type=\"image.default\">\n\t\t\t\t<div class=\"elementor-widget-container\">\n\t\t\t\t\t\t\t\t\t\t\t\t\t\t\t<img loading=\"lazy\" decoding=\"async\" width=\"768\" height=\"320\" src=\"https:\/\/reiten-mit-koepfchen.de\/wp-content\/uploads\/2024\/02\/AdobeStock_3_179279512.jpg\" class=\"attachment-medium_large size-medium_large wp-image-1922\" alt=\"\" srcset=\"https:\/\/reiten-mit-koepfchen.de\/wp-content\/uploads\/2024\/02\/AdobeStock_3_179279512.jpg 768w, https:\/\/reiten-mit-koepfchen.de\/wp-content\/uploads\/2024\/02\/AdobeStock_3_179279512-300x125.jpg 300w, https:\/\/reiten-mit-koepfchen.de\/wp-content\/uploads\/2024\/02\/AdobeStock_3_179279512-230x96.jpg 230w, https:\/\/reiten-mit-koepfchen.de\/wp-content\/uploads\/2024\/02\/AdobeStock_3_179279512-350x146.jpg 350w, https:\/\/reiten-mit-koepfchen.de\/wp-content\/uploads\/2024\/02\/AdobeStock_3_179279512-480x200.jpg 480w\" sizes=\"(max-width: 768px) 100vw, 768px\" \/>\t\t\t\t\t\t\t\t\t\t\t\t\t\t\t<\/div>\n\t\t\t\t<\/div>\n\t\t\t\t\t<\/div>\n\t\t<\/div>\n\t\t\t\t\t<\/div>\n\t\t<\/section>\n\t\t\t\t<section class=\"elementor-section elementor-top-section elementor-element elementor-element-0cbac43 elementor-section-content-middle elementor-section-boxed elementor-section-height-default elementor-section-height-default\" data-id=\"0cbac43\" data-element_type=\"section\" data-e-type=\"section\" data-settings=\"{&quot;background_background&quot;:&quot;classic&quot;}\">\n\t\t\t\t\t\t<div class=\"elementor-container elementor-column-gap-default\">\n\t\t\t\t\t<div class=\"elementor-column elementor-col-100 elementor-top-column elementor-element elementor-element-97abab5\" data-id=\"97abab5\" data-element_type=\"column\" data-e-type=\"column\">\n\t\t\t<div class=\"elementor-widget-wrap elementor-element-populated\">\n\t\t\t\t\t\t<div class=\"elementor-element elementor-element-9ff58f5 elementor-widget elementor-widget-text-editor\" data-id=\"9ff58f5\" data-element_type=\"widget\" data-e-type=\"widget\" data-widget_type=\"text-editor.default\">\n\t\t\t\t<div class=\"elementor-widget-container\">\n\t\t\t\t\t\t\t\t\t<p style=\"text-align: center;\"><strong><span style=\"color: #800000; font-size: 1.5em;\">&#8222;Das Pferd als Sportger\u00e4t&#8220;<\/span><\/strong><\/p>\n<p style=\"text-align: left;\">Es geht hier nicht um die Rettung der Welt, aber jeder kann bei sich und im Umfeld beginnen.<\/p>\n<p style=\"text-align: left;\">Eigenverantwortlich! Mit gesundem Menschenverstand!<\/p>\n<p style=\"text-align: left;\">H\u00e4ufig wird die &#8222;FN-Reiterei&#8220; verteufelt und f\u00fcr die Missst\u00e4nde verantwortlich gemacht. Grundlegend ist es nicht die Ausbildungsskala an sich, die zu den schlechten Bildern f\u00fchrt. Es ist ihre missverstandene Interpretation.<\/p>\n<p style=\"text-align: left;\">Wer sich einmal\u00a0 mit der Skala befasst, sie verstanden und in seinen eigenen M\u00f6glichkeiten umgesetzt hat, kann nachvollziehen was ich meine.<\/p>\n<p style=\"text-align: left;\">Die positiven Bilder, die ins Auge fallen, sind auf jedem Fall auf dem klassischen Ausbildungsweg entstanden.<\/p>\n<p style=\"text-align: left;\">Schlechte Bilder sehen wir, durch die falschverstandene Umsetzung, in jeder Reitweise.<\/p>\n<p style=\"text-align: left;\">Sich im eigenen Einflussbereich\u00a0 an den richtigen Vorbildern orientieren! Es gibt sie, bis hin in den Spitzensport.<\/p>\t\t\t\t\t\t\t\t<\/div>\n\t\t\t\t<\/div>\n\t\t\t\t\t<\/div>\n\t\t<\/div>\n\t\t\t\t\t<\/div>\n\t\t<\/section>\n\t\t\t\t<section class=\"elementor-section elementor-top-section elementor-element elementor-element-7797874 elementor-section-content-middle elementor-section-boxed elementor-section-height-default elementor-section-height-default\" data-id=\"7797874\" data-element_type=\"section\" data-e-type=\"section\" data-settings=\"{&quot;background_background&quot;:&quot;classic&quot;}\">\n\t\t\t\t\t\t<div class=\"elementor-container elementor-column-gap-default\">\n\t\t\t\t\t<div class=\"elementor-column elementor-col-100 elementor-top-column elementor-element elementor-element-bf3b4be\" data-id=\"bf3b4be\" data-element_type=\"column\" data-e-type=\"column\">\n\t\t\t<div class=\"elementor-widget-wrap elementor-element-populated\">\n\t\t\t\t\t\t<div class=\"elementor-element elementor-element-41d1071 elementor-widget elementor-widget-text-editor\" data-id=\"41d1071\" data-element_type=\"widget\" data-e-type=\"widget\" data-widget_type=\"text-editor.default\">\n\t\t\t\t<div class=\"elementor-widget-container\">\n\t\t\t\t\t\t\t\t\t<p style=\"text-align: center;\"><strong style=\"color: #800000; font-size: 1.5em;\">Also, auf geht`s!<\/strong><\/p><p style=\"text-align: left;\">In ihrer Verantwortung dem Pferd gegen\u00fcber, m\u00fcssen sie sich als sein Manager und Trainer eine Menge Fachwissen aneignen.<\/p><p style=\"text-align: left;\">Holen sie sich einen erfahrenen und kompetenten Ausbilder an ihre Seite. Sie k\u00f6nnen ihn unter anderem am Trainingsfortschritt seiner Sch\u00fcler erkennen und auch an seinem klaren Trainingskonzept. Fragen sie nach, lassen sie sich Zusammenh\u00e4nge erkl\u00e4ren.<\/p><p style=\"text-align: center;\">Wieso ? Weshalb ? Warum ?\u00a0 . . . \u00a0\u00a0\u00a0\u00a0\u00a0\u00a0\u00a0\u00a0\u00a0\u00a0\u00a0\u00a0\u00a0\u00a0\u00a0 Seien sie neugierig!<\/p><p style=\"text-align: left;\">Der Blick f\u00fcr das &#8222;gro\u00dfe Ganze&#8220; ist wichtig, um sich dann gemeinsam auf den Weg zu machen.<\/p><p style=\"text-align: left;\">Eine gewissen Anstrengungsbereitschaft, bei allen Beteiligten, ist dabei auf jeden Fall Voraussetzung.<\/p><p style=\"text-align: left;\">Das Erf\u00fchlen und Kommunizieren mit dem Pferd findet in der Praxis statt, nicht im Internet.<\/p><p style=\"text-align: left;\">Lassen sie sich auf das &#8222;Erlebnis Pferd&#8220;\u00a0 ein. Komplett analog und nicht nur oberfl\u00e4chlich!<\/p><p style=\"text-align: left;\">Umso unbezahlbarer ist das Gef\u00fchl, wenn sich Fortschritte einstellen und die Sache an Fahrt aufnimmt.<br \/>F\u00fcr einen NICHT- Reitverrr\u00fcckten nur schwer nachvollziehbar und f\u00fcr uns Reiter das pure Gl\u00fcck.<\/p>\t\t\t\t\t\t\t\t<\/div>\n\t\t\t\t<\/div>\n\t\t\t\t\t<\/div>\n\t\t<\/div>\n\t\t\t\t\t<\/div>\n\t\t<\/section>\n\t\t\t\t<section class=\"elementor-section elementor-top-section elementor-element elementor-element-4bca090 elementor-section-boxed elementor-section-height-default elementor-section-height-default\" data-id=\"4bca090\" data-element_type=\"section\" data-e-type=\"section\">\n\t\t\t\t\t\t<div class=\"elementor-container elementor-column-gap-default\">\n\t\t\t\t\t<div class=\"elementor-column elementor-col-50 elementor-top-column elementor-element elementor-element-2aa018b\" data-id=\"2aa018b\" data-element_type=\"column\" data-e-type=\"column\">\n\t\t\t<div class=\"elementor-widget-wrap elementor-element-populated\">\n\t\t\t\t\t\t<div class=\"elementor-element elementor-element-2f96634 elementor-widget elementor-widget-image\" data-id=\"2f96634\" data-element_type=\"widget\" data-e-type=\"widget\" data-widget_type=\"image.default\">\n\t\t\t\t<div class=\"elementor-widget-container\">\n\t\t\t\t\t\t\t\t\t\t\t\t\t\t\t<img loading=\"lazy\" decoding=\"async\" width=\"768\" height=\"614\" src=\"https:\/\/reiten-mit-koepfchen.de\/wp-content\/uploads\/2024\/01\/AdobeStock_154908419-768x614.jpeg\" class=\"attachment-medium_large size-medium_large wp-image-1238\" alt=\"\" srcset=\"https:\/\/reiten-mit-koepfchen.de\/wp-content\/uploads\/2024\/01\/AdobeStock_154908419-768x614.jpeg 768w, https:\/\/reiten-mit-koepfchen.de\/wp-content\/uploads\/2024\/01\/AdobeStock_154908419-300x240.jpeg 300w, https:\/\/reiten-mit-koepfchen.de\/wp-content\/uploads\/2024\/01\/AdobeStock_154908419-1024x819.jpeg 1024w, https:\/\/reiten-mit-koepfchen.de\/wp-content\/uploads\/2024\/01\/AdobeStock_154908419-1536x1229.jpeg 1536w, https:\/\/reiten-mit-koepfchen.de\/wp-content\/uploads\/2024\/01\/AdobeStock_154908419-2048x1638.jpeg 2048w, https:\/\/reiten-mit-koepfchen.de\/wp-content\/uploads\/2024\/01\/AdobeStock_154908419-1000x800.jpeg 1000w, https:\/\/reiten-mit-koepfchen.de\/wp-content\/uploads\/2024\/01\/AdobeStock_154908419-230x184.jpeg 230w, https:\/\/reiten-mit-koepfchen.de\/wp-content\/uploads\/2024\/01\/AdobeStock_154908419-350x280.jpeg 350w, https:\/\/reiten-mit-koepfchen.de\/wp-content\/uploads\/2024\/01\/AdobeStock_154908419-480x384.jpeg 480w\" sizes=\"(max-width: 768px) 100vw, 768px\" \/>\t\t\t\t\t\t\t\t\t\t\t\t\t\t\t<\/div>\n\t\t\t\t<\/div>\n\t\t\t\t\t<\/div>\n\t\t<\/div>\n\t\t\t\t<div class=\"elementor-column elementor-col-50 elementor-top-column elementor-element elementor-element-a33eb71\" data-id=\"a33eb71\" data-element_type=\"column\" data-e-type=\"column\">\n\t\t\t<div class=\"elementor-widget-wrap elementor-element-populated\">\n\t\t\t\t\t\t<div class=\"elementor-element elementor-element-3b14293 elementor-widget__width-inherit elementor-widget elementor-widget-image\" data-id=\"3b14293\" data-element_type=\"widget\" data-e-type=\"widget\" data-widget_type=\"image.default\">\n\t\t\t\t<div class=\"elementor-widget-container\">\n\t\t\t\t\t\t\t\t\t\t\t\t\t\t\t<img loading=\"lazy\" decoding=\"async\" width=\"768\" height=\"512\" src=\"https:\/\/reiten-mit-koepfchen.de\/wp-content\/uploads\/2024\/01\/AdobeStock_205492706-768x512.jpeg\" class=\"attachment-medium_large size-medium_large wp-image-1239\" alt=\"\" srcset=\"https:\/\/reiten-mit-koepfchen.de\/wp-content\/uploads\/2024\/01\/AdobeStock_205492706-768x512.jpeg 768w, https:\/\/reiten-mit-koepfchen.de\/wp-content\/uploads\/2024\/01\/AdobeStock_205492706-300x200.jpeg 300w, https:\/\/reiten-mit-koepfchen.de\/wp-content\/uploads\/2024\/01\/AdobeStock_205492706-1024x683.jpeg 1024w, https:\/\/reiten-mit-koepfchen.de\/wp-content\/uploads\/2024\/01\/AdobeStock_205492706-1536x1024.jpeg 1536w, https:\/\/reiten-mit-koepfchen.de\/wp-content\/uploads\/2024\/01\/AdobeStock_205492706-2048x1366.jpeg 2048w, https:\/\/reiten-mit-koepfchen.de\/wp-content\/uploads\/2024\/01\/AdobeStock_205492706-1000x667.jpeg 1000w, https:\/\/reiten-mit-koepfchen.de\/wp-content\/uploads\/2024\/01\/AdobeStock_205492706-230x153.jpeg 230w, https:\/\/reiten-mit-koepfchen.de\/wp-content\/uploads\/2024\/01\/AdobeStock_205492706-350x233.jpeg 350w, https:\/\/reiten-mit-koepfchen.de\/wp-content\/uploads\/2024\/01\/AdobeStock_205492706-480x320.jpeg 480w\" sizes=\"(max-width: 768px) 100vw, 768px\" \/>\t\t\t\t\t\t\t\t\t\t\t\t\t\t\t<\/div>\n\t\t\t\t<\/div>\n\t\t\t\t\t<\/div>\n\t\t<\/div>\n\t\t\t\t\t<\/div>\n\t\t<\/section>\n\t\t\t\t<\/div>\n\t\t","protected":false},"excerpt":{"rendered":"<p>Regina Elmenthaler Pferdewirtin FN &#8211; klassische Reitausbildung Turnierrichterin der Landeskommission Schleswig-Holstein Mentorin f\u00fcr Nachwuchsrichter und H\u00f6herqualifikationen Mein pers\u00f6nlicher Blick auf die Dinge [&hellip;]<\/p>\n","protected":false},"author":1,"featured_media":0,"parent":101,"menu_order":1,"comment_status":"closed","ping_status":"closed","template":"page-templates\/page_fullwidth.php","meta":{"inline_featured_image":false,"footnotes":""},"class_list":["post-7","page","type-page","status-publish","hentry"],"yoast_head":"<!-- This site is optimized with the Yoast SEO plugin v27.2 - https:\/\/yoast.com\/product\/yoast-seo-wordpress\/ -->\n<title>Regina Elmenthaler - Impulse f\u00fcr besseres Reiten<\/title>\n<meta name=\"robots\" content=\"index, follow, max-snippet:-1, max-image-preview:large, max-video-preview:-1\" \/>\n<link rel=\"canonical\" href=\"https:\/\/reiten-mit-koepfchen.de\/?page_id=7\" \/>\n<meta property=\"og:locale\" content=\"de_DE\" \/>\n<meta property=\"og:type\" content=\"article\" \/>\n<meta property=\"og:title\" content=\"Regina Elmenthaler - Impulse f\u00fcr besseres Reiten\" \/>\n<meta property=\"og:description\" content=\"Regina Elmenthaler Pferdewirtin FN &#8211; klassische Reitausbildung Turnierrichterin der Landeskommission Schleswig-Holstein Mentorin f\u00fcr Nachwuchsrichter und H\u00f6herqualifikationen Mein pers\u00f6nlicher Blick auf die Dinge [&hellip;]\" \/>\n<meta property=\"og:url\" content=\"https:\/\/reiten-mit-koepfchen.de\/?page_id=7\" \/>\n<meta property=\"og:site_name\" content=\"Impulse f\u00fcr besseres Reiten\" \/>\n<meta property=\"article:modified_time\" content=\"2024-02-09T13:33:30+00:00\" \/>\n<meta property=\"og:image\" content=\"https:\/\/reiten-mit-koepfchen.de\/staging\/wp-content\/uploads\/2023\/07\/logo-ementhaler-1.svg\" \/>\n<meta name=\"twitter:card\" content=\"summary_large_image\" \/>\n<meta name=\"twitter:label1\" content=\"Gesch\u00e4tzte Lesezeit\" \/>\n\t<meta name=\"twitter:data1\" content=\"5\u00a0Minuten\" \/>\n<script type=\"application\/ld+json\" class=\"yoast-schema-graph\">{\"@context\":\"https:\/\/schema.org\",\"@graph\":[{\"@type\":\"WebPage\",\"@id\":\"https:\/\/reiten-mit-koepfchen.de\/?page_id=7\",\"url\":\"https:\/\/reiten-mit-koepfchen.de\/?page_id=7\",\"name\":\"Regina Elmenthaler - Impulse f\u00fcr besseres Reiten\",\"isPartOf\":{\"@id\":\"https:\/\/reiten-mit-koepfchen.de\/#website\"},\"primaryImageOfPage\":{\"@id\":\"https:\/\/reiten-mit-koepfchen.de\/?page_id=7#primaryimage\"},\"image\":{\"@id\":\"https:\/\/reiten-mit-koepfchen.de\/?page_id=7#primaryimage\"},\"thumbnailUrl\":\"https:\/\/reiten-mit-koepfchen.de\/staging\/wp-content\/uploads\/2023\/07\/logo-ementhaler-1.svg\",\"datePublished\":\"2023-01-25T10:31:14+00:00\",\"dateModified\":\"2024-02-09T13:33:30+00:00\",\"breadcrumb\":{\"@id\":\"https:\/\/reiten-mit-koepfchen.de\/?page_id=7#breadcrumb\"},\"inLanguage\":\"de\",\"potentialAction\":[{\"@type\":\"ReadAction\",\"target\":[\"https:\/\/reiten-mit-koepfchen.de\/?page_id=7\"]}]},{\"@type\":\"ImageObject\",\"inLanguage\":\"de\",\"@id\":\"https:\/\/reiten-mit-koepfchen.de\/?page_id=7#primaryimage\",\"url\":\"https:\/\/reiten-mit-koepfchen.de\/wp-content\/uploads\/2023\/07\/logo-ementhaler-1.svg\",\"contentUrl\":\"https:\/\/reiten-mit-koepfchen.de\/wp-content\/uploads\/2023\/07\/logo-ementhaler-1.svg\",\"width\":1000,\"height\":486},{\"@type\":\"BreadcrumbList\",\"@id\":\"https:\/\/reiten-mit-koepfchen.de\/?page_id=7#breadcrumb\",\"itemListElement\":[{\"@type\":\"ListItem\",\"position\":1,\"name\":\"Home\",\"item\":\"https:\/\/reiten-mit-koepfchen.de\/\"},{\"@type\":\"ListItem\",\"position\":2,\"name\":\"Zur Person\",\"item\":\"https:\/\/reiten-mit-koepfchen.de\/?page_id=101\"},{\"@type\":\"ListItem\",\"position\":3,\"name\":\"Regina Elmenthaler\"}]},{\"@type\":\"WebSite\",\"@id\":\"https:\/\/reiten-mit-koepfchen.de\/#website\",\"url\":\"https:\/\/reiten-mit-koepfchen.de\/\",\"name\":\"Impulse f\u00fcr besseres Reiten\",\"description\":\"\",\"publisher\":{\"@id\":\"https:\/\/reiten-mit-koepfchen.de\/#organization\"},\"potentialAction\":[{\"@type\":\"SearchAction\",\"target\":{\"@type\":\"EntryPoint\",\"urlTemplate\":\"https:\/\/reiten-mit-koepfchen.de\/?s={search_term_string}\"},\"query-input\":{\"@type\":\"PropertyValueSpecification\",\"valueRequired\":true,\"valueName\":\"search_term_string\"}}],\"inLanguage\":\"de\"},{\"@type\":\"Organization\",\"@id\":\"https:\/\/reiten-mit-koepfchen.de\/#organization\",\"name\":\"Impulse f\u00fcr besseres Reiten\",\"url\":\"https:\/\/reiten-mit-koepfchen.de\/\",\"logo\":{\"@type\":\"ImageObject\",\"inLanguage\":\"de\",\"@id\":\"https:\/\/reiten-mit-koepfchen.de\/#\/schema\/logo\/image\/\",\"url\":\"https:\/\/reiten-mit-koepfchen.de\/wp-content\/uploads\/2024\/02\/logo-reiten_final_trans3.png\",\"contentUrl\":\"https:\/\/reiten-mit-koepfchen.de\/wp-content\/uploads\/2024\/02\/logo-reiten_final_trans3.png\",\"width\":1000,\"height\":484,\"caption\":\"Impulse f\u00fcr besseres Reiten\"},\"image\":{\"@id\":\"https:\/\/reiten-mit-koepfchen.de\/#\/schema\/logo\/image\/\"}}]}<\/script>\n<!-- \/ Yoast SEO plugin. -->","yoast_head_json":{"title":"Regina Elmenthaler - Impulse f\u00fcr besseres Reiten","robots":{"index":"index","follow":"follow","max-snippet":"max-snippet:-1","max-image-preview":"max-image-preview:large","max-video-preview":"max-video-preview:-1"},"canonical":"https:\/\/reiten-mit-koepfchen.de\/?page_id=7","og_locale":"de_DE","og_type":"article","og_title":"Regina Elmenthaler - Impulse f\u00fcr besseres Reiten","og_description":"Regina Elmenthaler Pferdewirtin FN &#8211; klassische Reitausbildung Turnierrichterin der Landeskommission Schleswig-Holstein Mentorin f\u00fcr Nachwuchsrichter und H\u00f6herqualifikationen Mein pers\u00f6nlicher Blick auf die Dinge [&hellip;]","og_url":"https:\/\/reiten-mit-koepfchen.de\/?page_id=7","og_site_name":"Impulse f\u00fcr besseres Reiten","article_modified_time":"2024-02-09T13:33:30+00:00","og_image":[{"url":"https:\/\/reiten-mit-koepfchen.de\/staging\/wp-content\/uploads\/2023\/07\/logo-ementhaler-1.svg","type":"","width":"","height":""}],"twitter_card":"summary_large_image","twitter_misc":{"Gesch\u00e4tzte Lesezeit":"5\u00a0Minuten"},"schema":{"@context":"https:\/\/schema.org","@graph":[{"@type":"WebPage","@id":"https:\/\/reiten-mit-koepfchen.de\/?page_id=7","url":"https:\/\/reiten-mit-koepfchen.de\/?page_id=7","name":"Regina Elmenthaler - Impulse f\u00fcr besseres Reiten","isPartOf":{"@id":"https:\/\/reiten-mit-koepfchen.de\/#website"},"primaryImageOfPage":{"@id":"https:\/\/reiten-mit-koepfchen.de\/?page_id=7#primaryimage"},"image":{"@id":"https:\/\/reiten-mit-koepfchen.de\/?page_id=7#primaryimage"},"thumbnailUrl":"https:\/\/reiten-mit-koepfchen.de\/staging\/wp-content\/uploads\/2023\/07\/logo-ementhaler-1.svg","datePublished":"2023-01-25T10:31:14+00:00","dateModified":"2024-02-09T13:33:30+00:00","breadcrumb":{"@id":"https:\/\/reiten-mit-koepfchen.de\/?page_id=7#breadcrumb"},"inLanguage":"de","potentialAction":[{"@type":"ReadAction","target":["https:\/\/reiten-mit-koepfchen.de\/?page_id=7"]}]},{"@type":"ImageObject","inLanguage":"de","@id":"https:\/\/reiten-mit-koepfchen.de\/?page_id=7#primaryimage","url":"https:\/\/reiten-mit-koepfchen.de\/wp-content\/uploads\/2023\/07\/logo-ementhaler-1.svg","contentUrl":"https:\/\/reiten-mit-koepfchen.de\/wp-content\/uploads\/2023\/07\/logo-ementhaler-1.svg","width":1000,"height":486},{"@type":"BreadcrumbList","@id":"https:\/\/reiten-mit-koepfchen.de\/?page_id=7#breadcrumb","itemListElement":[{"@type":"ListItem","position":1,"name":"Home","item":"https:\/\/reiten-mit-koepfchen.de\/"},{"@type":"ListItem","position":2,"name":"Zur Person","item":"https:\/\/reiten-mit-koepfchen.de\/?page_id=101"},{"@type":"ListItem","position":3,"name":"Regina Elmenthaler"}]},{"@type":"WebSite","@id":"https:\/\/reiten-mit-koepfchen.de\/#website","url":"https:\/\/reiten-mit-koepfchen.de\/","name":"Impulse f\u00fcr besseres Reiten","description":"","publisher":{"@id":"https:\/\/reiten-mit-koepfchen.de\/#organization"},"potentialAction":[{"@type":"SearchAction","target":{"@type":"EntryPoint","urlTemplate":"https:\/\/reiten-mit-koepfchen.de\/?s={search_term_string}"},"query-input":{"@type":"PropertyValueSpecification","valueRequired":true,"valueName":"search_term_string"}}],"inLanguage":"de"},{"@type":"Organization","@id":"https:\/\/reiten-mit-koepfchen.de\/#organization","name":"Impulse f\u00fcr besseres Reiten","url":"https:\/\/reiten-mit-koepfchen.de\/","logo":{"@type":"ImageObject","inLanguage":"de","@id":"https:\/\/reiten-mit-koepfchen.de\/#\/schema\/logo\/image\/","url":"https:\/\/reiten-mit-koepfchen.de\/wp-content\/uploads\/2024\/02\/logo-reiten_final_trans3.png","contentUrl":"https:\/\/reiten-mit-koepfchen.de\/wp-content\/uploads\/2024\/02\/logo-reiten_final_trans3.png","width":1000,"height":484,"caption":"Impulse f\u00fcr besseres Reiten"},"image":{"@id":"https:\/\/reiten-mit-koepfchen.de\/#\/schema\/logo\/image\/"}}]}},"jetpack_sharing_enabled":true,"_links":{"self":[{"href":"https:\/\/reiten-mit-koepfchen.de\/index.php?rest_route=\/wp\/v2\/pages\/7","targetHints":{"allow":["GET"]}}],"collection":[{"href":"https:\/\/reiten-mit-koepfchen.de\/index.php?rest_route=\/wp\/v2\/pages"}],"about":[{"href":"https:\/\/reiten-mit-koepfchen.de\/index.php?rest_route=\/wp\/v2\/types\/page"}],"author":[{"embeddable":true,"href":"https:\/\/reiten-mit-koepfchen.de\/index.php?rest_route=\/wp\/v2\/users\/1"}],"replies":[{"embeddable":true,"href":"https:\/\/reiten-mit-koepfchen.de\/index.php?rest_route=%2Fwp%2Fv2%2Fcomments&post=7"}],"version-history":[{"count":262,"href":"https:\/\/reiten-mit-koepfchen.de\/index.php?rest_route=\/wp\/v2\/pages\/7\/revisions"}],"predecessor-version":[{"id":2251,"href":"https:\/\/reiten-mit-koepfchen.de\/index.php?rest_route=\/wp\/v2\/pages\/7\/revisions\/2251"}],"up":[{"embeddable":true,"href":"https:\/\/reiten-mit-koepfchen.de\/index.php?rest_route=\/wp\/v2\/pages\/101"}],"wp:attachment":[{"href":"https:\/\/reiten-mit-koepfchen.de\/index.php?rest_route=%2Fwp%2Fv2%2Fmedia&parent=7"}],"curies":[{"name":"wp","href":"https:\/\/api.w.org\/{rel}","templated":true}]}}